{"id":43139,"date":"2023-07-28T14:57:00","date_gmt":"2023-07-28T18:57:00","guid":{"rendered":"https:\/\/www.cortezmasto.senate.gov\/?page_id=43139"},"modified":"2023-10-25T16:45:27","modified_gmt":"2023-10-25T20:45:27","slug":"comunicados-de-prensa","status":"publish","type":"page","link":"https:\/\/www.cortezmasto.senate.gov\/es\/ultimas-noticias\/comunicados-de-prensa\/","title":{"rendered":"Comunicados de Prensa"},"content":{"rendered":"\t\t<div data-elementor-type=\"wp-page\" data-elementor-id=\"43139\" class=\"elementor elementor-43139 elementor-23840\" data-elementor-post-type=\"page\">\n\t\t\t\t<section class=\"elementor-element elementor-element-5c798953 e-flex e-con-boxed e-con e-parent\" data-id=\"5c798953\" data-element_type=\"container\">\n\t\t\t\t\t<div class=\"e-con-inner\">\n\t\t<div class=\"elementor-element elementor-element-23325244 e-flex e-con-boxed e-con e-child\" data-id=\"23325244\" data-element_type=\"container\">\n\t\t\t\t\t<div class=\"e-con-inner\">\n\t\t<div class=\"elementor-element elementor-element-45f89b1a e-con-full e-flex e-con e-child\" data-id=\"45f89b1a\" data-element_type=\"container\">\n\t\t\t\t<div class=\"elementor-element elementor-element-1cbdf57b elementor-position-left elementor-widget__width-auto FilterBtn es-filter-popup elementor-view-default elementor-mobile-position-top elementor-vertical-align-top elementor-widget elementor-widget-icon-box\" data-id=\"1cbdf57b\" data-element_type=\"widget\" data-widget_type=\"icon-box.default\">\n\t\t\t\t<div class=\"elementor-widget-container\">\n\t\t\t\t\t<div class=\"elementor-icon-box-wrapper\">\n\n\t\t\t\t\t\t<div class=\"elementor-icon-box-icon\">\n\t\t\t\t<span  class=\"elementor-icon elementor-animation-\">\n\t\t\t\t<i aria-hidden=\"true\" class=\"fas fa-filter\"><\/i>\t\t\t\t<\/span>\n\t\t\t<\/div>\n\t\t\t\n\t\t\t\t\t\t<div class=\"elementor-icon-box-content\">\n\n\t\t\t\t\t\t\t\t\t<div class=\"elementor-icon-box-title\">\n\t\t\t\t\t\t<span  >\n\t\t\t\t\t\t\tFiltrar <i aria-hidden=\"true\" class=\"fas fa-long-arrow-alt-right\"><\/i>\t\t\t\t\t\t<\/span>\n\t\t\t\t\t<\/div>\n\t\t\t\t\n\t\t\t\t\n\t\t\t<\/div>\n\t\t\t\n\t\t<\/div>\n\t\t\t\t<\/div>\n\t\t\t\t<\/div>\n\t\t\t\t<\/div>\n\t\t<div class=\"elementor-element elementor-element-73814467 e-con-full e-flex e-con e-child\" data-id=\"73814467\" data-element_type=\"container\">\n\t\t\t\t<div class=\"elementor-element elementor-element-fa64610 jet-smart-filter-content-position-line PressSearch elementor-widget elementor-widget-jet-smart-filters-search\" data-id=\"fa64610\" data-element_type=\"widget\" data-widget_type=\"jet-smart-filters-search.default\">\n\t\t\t\t<div class=\"elementor-widget-container\">\n\t\t\t<div class=\"jet-smart-filters-search jet-filter\"><div class=\"jet-search-filter button-icon-position-left\" data-query-type=\"_s\" data-query-var=\"query\" data-smart-filter=\"search\" data-filter-id=\"44605\" data-apply-type=\"mixed\" data-content-provider=\"jet-engine\" data-additional-providers=\"\" data-query-id=\"es-press-list\" data-active-label=\"Buscar en Comunicados de Prensa\" data-layout-options=\"{&quot;show_label&quot;:&quot;&quot;,&quot;display_options&quot;:[]}\" data-query-var-suffix=\"search\">\n\t<div class=\"jet-search-filter__input-wrapper\">\n\t\t<input\n\t\t\tclass=\"jet-search-filter__input\"\n\t\t\ttype=\"search\"\n\t\t\tautocomplete=\"off\"\n\t\t\tname=\"query\"\n\t\t\tvalue=\"\"\n\t\t\tplaceholder=\"Buscar...\"\n\t\t\taria-label=\"Buscar en Comunicados de Prensa\"\n\t\t\ttabindex=\"0\"\t\t>\n\t\t\t<\/div>\n\t\t\t<button\n\t\t\ttype=\"button\"\n\t\t\tclass=\"jet-search-filter__submit apply-filters__button\"\n\t\t\ttabindex=\"0\"\t\t>\n\t\t\t<i class=\"fa fa-search\"><\/i>\t\t\t<span class=\"jet-search-filter__submit-text\"><span class=\"sr-only\">Press Search<\/span><\/span>\n\t\t\t\t\t<\/button>\n\t<\/div>\n<\/div>\t\t<\/div>\n\t\t\t\t<\/div>\n\t\t\t\t<\/div>\n\t\t\t\t\t<\/div>\n\t\t\t\t<\/div>\n\t\t<div class=\"elementor-element elementor-element-17a6891b e-flex e-con-boxed e-con e-child\" data-id=\"17a6891b\" data-element_type=\"container\">\n\t\t\t\t\t<div class=\"e-con-inner\">\n\t\t\t\t<div class=\"elementor-element elementor-element-17f8f687 elementor-widget elementor-widget-jet-smart-filters-active hide-widget\" data-id=\"17f8f687\" data-element_type=\"widget\" data-widget_type=\"jet-smart-filters-active.default\">\n\t\t\t\t<div class=\"elementor-widget-container\">\n\t\t\t<div class=\"jet-smart-filters-active jet-active-filters jet-filter\" data-label=\"Filtros activos:\" data-content-provider=\"jet-engine\" data-additional-providers=\"\" data-apply-type=\"ajax\" data-query-id=\"es-press-list\"><\/div>\t\t<\/div>\n\t\t\t\t<\/div>\n\t\t\t\t<div class=\"elementor-element elementor-element-35e4538a Button--secondary elementor-widget elementor-widget-jet-smart-filters-remove-filters hide-widget\" data-id=\"35e4538a\" data-element_type=\"widget\" data-widget_type=\"jet-smart-filters-remove-filters.default\">\n\t\t\t\t<div class=\"elementor-widget-container\">\n\t\t\t<div class=\"jet-smart-filters-remove-filters jet-filter\"><div class=\"jet-remove-all-filters hide\">\n\t<button\n\t\ttype=\"button\"\n\t\tclass=\"jet-remove-all-filters__button\"\n\t\tdata-content-provider=\"jet-engine\"\n\t\tdata-additional-providers=\"\"\n\t\tdata-apply-type=\"ajax\"\n\t\tdata-query-id=\"es-press-list\"\n\t\ttabindex=\"0\"\t>\n\t\tQuitar filtros\t<\/button>\n<\/div><\/div>\t\t<\/div>\n\t\t\t\t<\/div>\n\t\t\t\t\t<\/div>\n\t\t\t\t<\/div>\n\t\t<div class=\"elementor-element elementor-element-0ce1d2b e-flex e-con-boxed e-con e-child\" data-id=\"0ce1d2b\" data-element_type=\"container\">\n\t\t\t\t\t<div class=\"e-con-inner\">\n\t\t\t\t<div class=\"elementor-element elementor-element-6864fb1 elementor-widget__width-inherit elementor-widget elementor-widget-jet-listing-grid\" data-id=\"6864fb1\" data-element_type=\"widget\" id=\"es-press-list\" data-settings=\"{&quot;columns&quot;:&quot;1&quot;,&quot;columns_tablet&quot;:&quot;1&quot;}\" data-widget_type=\"jet-listing-grid.default\">\n\t\t\t\t<div class=\"elementor-widget-container\">\n\t\t\t<div class=\"jet-listing-grid jet-listing\"><div class=\"jet-listing-grid__items grid-col-desk-1 grid-col-tablet-1 grid-col-mobile-1 jet-listing-grid--44845 jet-equal-columns__wrapper\" data-queried-id=\"43139|WP_Post\" data-nav=\"{&quot;enabled&quot;:false,&quot;type&quot;:null,&quot;more_el&quot;:null,&quot;query&quot;:[],&quot;widget_settings&quot;:{&quot;lisitng_id&quot;:44845,&quot;posts_num&quot;:6,&quot;columns&quot;:1,&quot;columns_tablet&quot;:1,&quot;columns_mobile&quot;:1,&quot;is_archive_template&quot;:&quot;&quot;,&quot;post_status&quot;:[&quot;publish&quot;],&quot;use_random_posts_num&quot;:&quot;&quot;,&quot;max_posts_num&quot;:9,&quot;not_found_message&quot;:&quot;No data was found&quot;,&quot;is_masonry&quot;:false,&quot;equal_columns_height&quot;:&quot;yes&quot;,&quot;use_load_more&quot;:&quot;&quot;,&quot;load_more_id&quot;:&quot;&quot;,&quot;load_more_type&quot;:&quot;click&quot;,&quot;load_more_offset&quot;:{&quot;unit&quot;:&quot;px&quot;,&quot;size&quot;:0,&quot;sizes&quot;:[]},&quot;use_custom_post_types&quot;:&quot;&quot;,&quot;custom_post_types&quot;:[&quot;press_releases&quot;],&quot;hide_widget_if&quot;:&quot;&quot;,&quot;carousel_enabled&quot;:&quot;&quot;,&quot;slides_to_scroll&quot;:&quot;1&quot;,&quot;arrows&quot;:&quot;true&quot;,&quot;arrow_icon&quot;:&quot;fa fa-angle-left&quot;,&quot;dots&quot;:&quot;&quot;,&quot;autoplay&quot;:&quot;true&quot;,&quot;pause_on_hover&quot;:&quot;true&quot;,&quot;autoplay_speed&quot;:5000,&quot;infinite&quot;:&quot;true&quot;,&quot;center_mode&quot;:&quot;&quot;,&quot;effect&quot;:&quot;slide&quot;,&quot;speed&quot;:500,&quot;inject_alternative_items&quot;:&quot;&quot;,&quot;injection_items&quot;:[],&quot;scroll_slider_enabled&quot;:&quot;&quot;,&quot;scroll_slider_on&quot;:[&quot;desktop&quot;,&quot;tablet&quot;,&quot;mobile&quot;],&quot;custom_query&quot;:&quot;yes&quot;,&quot;custom_query_id&quot;:&quot;33&quot;,&quot;_element_id&quot;:&quot;es-press-list&quot;}}\" data-page=\"1\" data-pages=\"12\" data-listing-source=\"query\" data-listing-id=\"44845\" data-query-id=\"33\"><div class=\"jet-listing-grid__item jet-listing-dynamic-post-49127 jet-equal-columns\" data-post-id=\"49127\" >\t\t<div data-elementor-type=\"jet-listing-items\" data-elementor-id=\"44852\" class=\"elementor elementor-44852 elementor-44845\" data-elementor-post-type=\"jet-engine\">\n\t\t\t\t<div class=\"elementor-element elementor-element-1df8a97c ArticleBlock  e-con-full e-flex e-con e-parent\" data-id=\"1df8a97c\" data-element_type=\"container\">\n\t\t\t\t<div class=\"elementor-element elementor-element-3c7967ef elementor-widget elementor-widget-jet-listing-dynamic-field\" data-id=\"3c7967ef\" data-element_type=\"widget\" data-widget_type=\"jet-listing-dynamic-field.default\">\n\t\t\t\t<div class=\"elementor-widget-container\">\n\t\t\t<div class=\"jet-listing jet-listing-dynamic-field display-inline\"><div class=\"jet-listing-dynamic-field__inline-wrap\"><span class=\"jet-listing-dynamic-field__content\">Wednesday December 3rd, 2025<\/span><\/div><\/div>\t\t<\/div>\n\t\t\t\t<\/div>\n\t\t\t\t<div class=\"elementor-element elementor-element-178d9824 ArticleBlock__title elementor-widget elementor-widget-jet-listing-dynamic-link\" data-id=\"178d9824\" data-element_type=\"widget\" data-widget_type=\"jet-listing-dynamic-link.default\">\n\t\t\t\t<div class=\"elementor-widget-container\">\n\t\t\t<h2 class=\"jet-listing jet-listing-dynamic-link\"><a href=\"https:\/\/www.cortezmasto.senate.gov\/es\/ultimas-noticias\/comunicados-de-prensa\/cortez-masto-goldman-ramirez-presentan-un-proyecto-de-ley-para-revocar-las-disposiciones-danosas-en-la-ley-fiscal-de-los-republicanos-y-proteger-a-los-ninos-migrantes-no-acompanados\/\" class=\"jet-listing-dynamic-link__link\"><span class=\"jet-listing-dynamic-link__label\">Cortez Masto, Goldman, Ramirez presentan un proyecto de ley para revocar las disposiciones da\u00f1osas en la ley fiscal de los republicanos y proteger a los ni\u00f1os migrantes no acompa\u00f1ados<\/span><\/a><\/h2>\t\t<\/div>\n\t\t\t\t<\/div>\n\t\t\t\t<div class=\"elementor-element elementor-element-4ebab805 elementor-widget elementor-widget-jet-listing-dynamic-field\" data-id=\"4ebab805\" data-element_type=\"widget\" data-widget_type=\"jet-listing-dynamic-field.default\">\n\t\t\t\t<div class=\"elementor-widget-container\">\n\t\t\t<div class=\"jet-listing jet-listing-dynamic-field display-inline\"><div class=\"jet-listing-dynamic-field__inline-wrap\"><p class=\"jet-listing-dynamic-field__content\"><\/p><\/div><\/div>\t\t<\/div>\n\t\t\t\t<\/div>\n\t\t<div class=\"elementor-element elementor-element-3c2d5510 ButtonWrapper--secondary e-con-full e-flex e-con e-child\" data-id=\"3c2d5510\" data-element_type=\"container\">\n\t\t\t\t<div class=\"elementor-element elementor-element-373a8055 elementor-align-left elementor-widget elementor-widget-button\" data-id=\"373a8055\" data-element_type=\"widget\" data-widget_type=\"button.default\">\n\t\t\t\t<div class=\"elementor-widget-container\">\n\t\t\t\t\t\t\t<div class=\"elementor-button-wrapper\">\n\t\t\t\t\t<a class=\"elementor-button elementor-button-link elementor-size-sm\" href=\"https:\/\/www.cortezmasto.senate.gov\/es\/ultimas-noticias\/comunicados-de-prensa\/cortez-masto-goldman-ramirez-presentan-un-proyecto-de-ley-para-revocar-las-disposiciones-danosas-en-la-ley-fiscal-de-los-republicanos-y-proteger-a-los-ninos-migrantes-no-acompanados\/\">\n\t\t\t\t\t\t<span class=\"elementor-button-content-wrapper\">\n\t\t\t\t\t\t\t\t\t<span class=\"elementor-button-text\">Continuar<\/span>\n\t\t\t\t\t<\/span>\n\t\t\t\t\t<\/a>\n\t\t\t\t<\/div>\n\t\t\t\t\t\t<\/div>\n\t\t\t\t<\/div>\n\t\t\t\t<\/div>\n\t\t\t\t<\/div>\n\t\t\t\t<\/div>\n\t\t<\/div><div class=\"jet-listing-grid__item jet-listing-dynamic-post-48975 jet-equal-columns\" data-post-id=\"48975\" >\t\t<div data-elementor-type=\"jet-listing-items\" data-elementor-id=\"44852\" class=\"elementor elementor-44852 elementor-44845\" data-elementor-post-type=\"jet-engine\">\n\t\t\t\t<div class=\"elementor-element elementor-element-1df8a97c ArticleBlock  e-con-full e-flex e-con e-parent\" data-id=\"1df8a97c\" data-element_type=\"container\">\n\t\t\t\t<div class=\"elementor-element elementor-element-3c7967ef elementor-widget elementor-widget-jet-listing-dynamic-field\" data-id=\"3c7967ef\" data-element_type=\"widget\" data-widget_type=\"jet-listing-dynamic-field.default\">\n\t\t\t\t<div class=\"elementor-widget-container\">\n\t\t\t<div class=\"jet-listing jet-listing-dynamic-field display-inline\"><div class=\"jet-listing-dynamic-field__inline-wrap\"><span class=\"jet-listing-dynamic-field__content\">Wednesday October 29th, 2025<\/span><\/div><\/div>\t\t<\/div>\n\t\t\t\t<\/div>\n\t\t\t\t<div class=\"elementor-element elementor-element-178d9824 ArticleBlock__title elementor-widget elementor-widget-jet-listing-dynamic-link\" data-id=\"178d9824\" data-element_type=\"widget\" data-widget_type=\"jet-listing-dynamic-link.default\">\n\t\t\t\t<div class=\"elementor-widget-container\">\n\t\t\t<h2 class=\"jet-listing jet-listing-dynamic-link\"><a href=\"https:\/\/www.cortezmasto.senate.gov\/es\/ultimas-noticias\/comunicados-de-prensa\/cortez-masto-rosen-exigen-que-la-administracion-trump-termine-las-aplicaciones-de-la-ley-de-inmigracion-peligrosas-y-extremas-junto-a-las-escuelas\/\" class=\"jet-listing-dynamic-link__link\"><span class=\"jet-listing-dynamic-link__label\">Cortez Masto, Rosen Exigen que la Administraci\u00f3n Trump Termine las Aplicaciones de la Ley de Inmigraci\u00f3n Peligrosas y Extremas Junto a las Escuelas<\/span><\/a><\/h2>\t\t<\/div>\n\t\t\t\t<\/div>\n\t\t\t\t<div class=\"elementor-element elementor-element-4ebab805 elementor-widget elementor-widget-jet-listing-dynamic-field\" data-id=\"4ebab805\" data-element_type=\"widget\" data-widget_type=\"jet-listing-dynamic-field.default\">\n\t\t\t\t<div class=\"elementor-widget-container\">\n\t\t\t<div class=\"jet-listing jet-listing-dynamic-field display-inline\"><div class=\"jet-listing-dynamic-field__inline-wrap\"><p class=\"jet-listing-dynamic-field__content\"><\/p><\/div><\/div>\t\t<\/div>\n\t\t\t\t<\/div>\n\t\t<div class=\"elementor-element elementor-element-3c2d5510 ButtonWrapper--secondary e-con-full e-flex e-con e-child\" data-id=\"3c2d5510\" data-element_type=\"container\">\n\t\t\t\t<div class=\"elementor-element elementor-element-373a8055 elementor-align-left elementor-widget elementor-widget-button\" data-id=\"373a8055\" data-element_type=\"widget\" data-widget_type=\"button.default\">\n\t\t\t\t<div class=\"elementor-widget-container\">\n\t\t\t\t\t\t\t<div class=\"elementor-button-wrapper\">\n\t\t\t\t\t<a class=\"elementor-button elementor-button-link elementor-size-sm\" href=\"https:\/\/www.cortezmasto.senate.gov\/es\/ultimas-noticias\/comunicados-de-prensa\/cortez-masto-rosen-exigen-que-la-administracion-trump-termine-las-aplicaciones-de-la-ley-de-inmigracion-peligrosas-y-extremas-junto-a-las-escuelas\/\">\n\t\t\t\t\t\t<span class=\"elementor-button-content-wrapper\">\n\t\t\t\t\t\t\t\t\t<span class=\"elementor-button-text\">Continuar<\/span>\n\t\t\t\t\t<\/span>\n\t\t\t\t\t<\/a>\n\t\t\t\t<\/div>\n\t\t\t\t\t\t<\/div>\n\t\t\t\t<\/div>\n\t\t\t\t<\/div>\n\t\t\t\t<\/div>\n\t\t\t\t<\/div>\n\t\t<\/div><div class=\"jet-listing-grid__item jet-listing-dynamic-post-48761 jet-equal-columns\" data-post-id=\"48761\" >\t\t<div data-elementor-type=\"jet-listing-items\" data-elementor-id=\"44852\" class=\"elementor elementor-44852 elementor-44845\" data-elementor-post-type=\"jet-engine\">\n\t\t\t\t<div class=\"elementor-element elementor-element-1df8a97c ArticleBlock  e-con-full e-flex e-con e-parent\" data-id=\"1df8a97c\" data-element_type=\"container\">\n\t\t\t\t<div class=\"elementor-element elementor-element-3c7967ef elementor-widget elementor-widget-jet-listing-dynamic-field\" data-id=\"3c7967ef\" data-element_type=\"widget\" data-widget_type=\"jet-listing-dynamic-field.default\">\n\t\t\t\t<div class=\"elementor-widget-container\">\n\t\t\t<div class=\"jet-listing jet-listing-dynamic-field display-inline\"><div class=\"jet-listing-dynamic-field__inline-wrap\"><span class=\"jet-listing-dynamic-field__content\">Wednesday September 3rd, 2025<\/span><\/div><\/div>\t\t<\/div>\n\t\t\t\t<\/div>\n\t\t\t\t<div class=\"elementor-element elementor-element-178d9824 ArticleBlock__title elementor-widget elementor-widget-jet-listing-dynamic-link\" data-id=\"178d9824\" data-element_type=\"widget\" data-widget_type=\"jet-listing-dynamic-link.default\">\n\t\t\t\t<div class=\"elementor-widget-container\">\n\t\t\t<h2 class=\"jet-listing jet-listing-dynamic-link\"><a href=\"https:\/\/www.cortezmasto.senate.gov\/es\/ultimas-noticias\/comunicados-de-prensa\/cortez-masto-se-une-con-sus-colegas-democratas-del-senado-para-condenar-los-ataques-a-los-beneficiarios-de-daca-por-parte-de-la-administracion-de-trump\/\" class=\"jet-listing-dynamic-link__link\"><span class=\"jet-listing-dynamic-link__label\">Cortez Masto se une con sus colegas dem\u00f3cratas del Senado para condenar los ataques a los beneficiarios de DACA por parte de la administraci\u00f3n de Trump<\/span><\/a><\/h2>\t\t<\/div>\n\t\t\t\t<\/div>\n\t\t\t\t<div class=\"elementor-element elementor-element-4ebab805 elementor-widget elementor-widget-jet-listing-dynamic-field\" data-id=\"4ebab805\" data-element_type=\"widget\" data-widget_type=\"jet-listing-dynamic-field.default\">\n\t\t\t\t<div class=\"elementor-widget-container\">\n\t\t\t<div class=\"jet-listing jet-listing-dynamic-field display-inline\"><div class=\"jet-listing-dynamic-field__inline-wrap\"><p class=\"jet-listing-dynamic-field__content\"><\/p><\/div><\/div>\t\t<\/div>\n\t\t\t\t<\/div>\n\t\t<div class=\"elementor-element elementor-element-3c2d5510 ButtonWrapper--secondary e-con-full e-flex e-con e-child\" data-id=\"3c2d5510\" data-element_type=\"container\">\n\t\t\t\t<div class=\"elementor-element elementor-element-373a8055 elementor-align-left elementor-widget elementor-widget-button\" data-id=\"373a8055\" data-element_type=\"widget\" data-widget_type=\"button.default\">\n\t\t\t\t<div class=\"elementor-widget-container\">\n\t\t\t\t\t\t\t<div class=\"elementor-button-wrapper\">\n\t\t\t\t\t<a class=\"elementor-button elementor-button-link elementor-size-sm\" href=\"https:\/\/www.cortezmasto.senate.gov\/es\/ultimas-noticias\/comunicados-de-prensa\/cortez-masto-se-une-con-sus-colegas-democratas-del-senado-para-condenar-los-ataques-a-los-beneficiarios-de-daca-por-parte-de-la-administracion-de-trump\/\">\n\t\t\t\t\t\t<span class=\"elementor-button-content-wrapper\">\n\t\t\t\t\t\t\t\t\t<span class=\"elementor-button-text\">Continuar<\/span>\n\t\t\t\t\t<\/span>\n\t\t\t\t\t<\/a>\n\t\t\t\t<\/div>\n\t\t\t\t\t\t<\/div>\n\t\t\t\t<\/div>\n\t\t\t\t<\/div>\n\t\t\t\t<\/div>\n\t\t\t\t<\/div>\n\t\t<\/div><div class=\"jet-listing-grid__item jet-listing-dynamic-post-48315 jet-equal-columns\" data-post-id=\"48315\" >\t\t<div data-elementor-type=\"jet-listing-items\" data-elementor-id=\"44852\" class=\"elementor elementor-44852 elementor-44845\" data-elementor-post-type=\"jet-engine\">\n\t\t\t\t<div class=\"elementor-element elementor-element-1df8a97c ArticleBlock  e-con-full e-flex e-con e-parent\" data-id=\"1df8a97c\" data-element_type=\"container\">\n\t\t\t\t<div class=\"elementor-element elementor-element-3c7967ef elementor-widget elementor-widget-jet-listing-dynamic-field\" data-id=\"3c7967ef\" data-element_type=\"widget\" data-widget_type=\"jet-listing-dynamic-field.default\">\n\t\t\t\t<div class=\"elementor-widget-container\">\n\t\t\t<div class=\"jet-listing jet-listing-dynamic-field display-inline\"><div class=\"jet-listing-dynamic-field__inline-wrap\"><span class=\"jet-listing-dynamic-field__content\">Tuesday June 10th, 2025<\/span><\/div><\/div>\t\t<\/div>\n\t\t\t\t<\/div>\n\t\t\t\t<div class=\"elementor-element elementor-element-178d9824 ArticleBlock__title elementor-widget elementor-widget-jet-listing-dynamic-link\" data-id=\"178d9824\" data-element_type=\"widget\" data-widget_type=\"jet-listing-dynamic-link.default\">\n\t\t\t\t<div class=\"elementor-widget-container\">\n\t\t\t<h2 class=\"jet-listing jet-listing-dynamic-link\"><a href=\"https:\/\/www.cortezmasto.senate.gov\/es\/ultimas-noticias\/comunicados-de-prensa\/cortez-masto-celebra-el-aniversario-de-daca-y-promete-proteger-a-los-dreamers\/\" class=\"jet-listing-dynamic-link__link\"><span class=\"jet-listing-dynamic-link__label\">Cortez Masto Celebra el Aniversario de DACA y Promete Proteger\u00a0a los Dreamers<\/span><\/a><\/h2>\t\t<\/div>\n\t\t\t\t<\/div>\n\t\t\t\t<div class=\"elementor-element elementor-element-4ebab805 elementor-widget elementor-widget-jet-listing-dynamic-field\" data-id=\"4ebab805\" data-element_type=\"widget\" data-widget_type=\"jet-listing-dynamic-field.default\">\n\t\t\t\t<div class=\"elementor-widget-container\">\n\t\t\t<div class=\"jet-listing jet-listing-dynamic-field display-inline\"><div class=\"jet-listing-dynamic-field__inline-wrap\"><p class=\"jet-listing-dynamic-field__content\"><\/p><\/div><\/div>\t\t<\/div>\n\t\t\t\t<\/div>\n\t\t<div class=\"elementor-element elementor-element-3c2d5510 ButtonWrapper--secondary e-con-full e-flex e-con e-child\" data-id=\"3c2d5510\" data-element_type=\"container\">\n\t\t\t\t<div class=\"elementor-element elementor-element-373a8055 elementor-align-left elementor-widget elementor-widget-button\" data-id=\"373a8055\" data-element_type=\"widget\" data-widget_type=\"button.default\">\n\t\t\t\t<div class=\"elementor-widget-container\">\n\t\t\t\t\t\t\t<div class=\"elementor-button-wrapper\">\n\t\t\t\t\t<a class=\"elementor-button elementor-button-link elementor-size-sm\" href=\"https:\/\/www.cortezmasto.senate.gov\/es\/ultimas-noticias\/comunicados-de-prensa\/cortez-masto-celebra-el-aniversario-de-daca-y-promete-proteger-a-los-dreamers\/\">\n\t\t\t\t\t\t<span class=\"elementor-button-content-wrapper\">\n\t\t\t\t\t\t\t\t\t<span class=\"elementor-button-text\">Continuar<\/span>\n\t\t\t\t\t<\/span>\n\t\t\t\t\t<\/a>\n\t\t\t\t<\/div>\n\t\t\t\t\t\t<\/div>\n\t\t\t\t<\/div>\n\t\t\t\t<\/div>\n\t\t\t\t<\/div>\n\t\t\t\t<\/div>\n\t\t<\/div><div class=\"jet-listing-grid__item jet-listing-dynamic-post-48272 jet-equal-columns\" data-post-id=\"48272\" >\t\t<div data-elementor-type=\"jet-listing-items\" data-elementor-id=\"44852\" class=\"elementor elementor-44852 elementor-44845\" data-elementor-post-type=\"jet-engine\">\n\t\t\t\t<div class=\"elementor-element elementor-element-1df8a97c ArticleBlock  e-con-full e-flex e-con e-parent\" data-id=\"1df8a97c\" data-element_type=\"container\">\n\t\t\t\t<div class=\"elementor-element elementor-element-3c7967ef elementor-widget elementor-widget-jet-listing-dynamic-field\" data-id=\"3c7967ef\" data-element_type=\"widget\" data-widget_type=\"jet-listing-dynamic-field.default\">\n\t\t\t\t<div class=\"elementor-widget-container\">\n\t\t\t<div class=\"jet-listing jet-listing-dynamic-field display-inline\"><div class=\"jet-listing-dynamic-field__inline-wrap\"><span class=\"jet-listing-dynamic-field__content\">Thursday June 5th, 2025<\/span><\/div><\/div>\t\t<\/div>\n\t\t\t\t<\/div>\n\t\t\t\t<div class=\"elementor-element elementor-element-178d9824 ArticleBlock__title elementor-widget elementor-widget-jet-listing-dynamic-link\" data-id=\"178d9824\" data-element_type=\"widget\" data-widget_type=\"jet-listing-dynamic-link.default\">\n\t\t\t\t<div class=\"elementor-widget-container\">\n\t\t\t<h2 class=\"jet-listing jet-listing-dynamic-link\"><a href=\"https:\/\/www.cortezmasto.senate.gov\/es\/ultimas-noticias\/comunicados-de-prensa\/senadora-cortez-masto-congresista-gomez-demandan-respuesta-de-la-administracion-trump-en-la-mala-gestion-del-programa-estatus-especial-para-inmigrantes-juveniles-instan-un-nuevo-ca\/\" class=\"jet-listing-dynamic-link__link\"><span class=\"jet-listing-dynamic-link__label\">Senadora Cortez Masto, Congresista Gomez Demandan Respuesta de la Administraci\u00f3n Trump en la Mala Gesti\u00f3n del Programa \u2018Estatus Especial para Inmigrantes Juveniles\u2019, Instan un Nuevo Camino Adelante<\/span><\/a><\/h2>\t\t<\/div>\n\t\t\t\t<\/div>\n\t\t\t\t<div class=\"elementor-element elementor-element-4ebab805 elementor-widget elementor-widget-jet-listing-dynamic-field\" data-id=\"4ebab805\" data-element_type=\"widget\" data-widget_type=\"jet-listing-dynamic-field.default\">\n\t\t\t\t<div class=\"elementor-widget-container\">\n\t\t\t<div class=\"jet-listing jet-listing-dynamic-field display-inline\"><div class=\"jet-listing-dynamic-field__inline-wrap\"><p class=\"jet-listing-dynamic-field__content\"><\/p><\/div><\/div>\t\t<\/div>\n\t\t\t\t<\/div>\n\t\t<div class=\"elementor-element elementor-element-3c2d5510 ButtonWrapper--secondary e-con-full e-flex e-con e-child\" data-id=\"3c2d5510\" data-element_type=\"container\">\n\t\t\t\t<div class=\"elementor-element elementor-element-373a8055 elementor-align-left elementor-widget elementor-widget-button\" data-id=\"373a8055\" data-element_type=\"widget\" data-widget_type=\"button.default\">\n\t\t\t\t<div class=\"elementor-widget-container\">\n\t\t\t\t\t\t\t<div class=\"elementor-button-wrapper\">\n\t\t\t\t\t<a class=\"elementor-button elementor-button-link elementor-size-sm\" href=\"https:\/\/www.cortezmasto.senate.gov\/es\/ultimas-noticias\/comunicados-de-prensa\/senadora-cortez-masto-congresista-gomez-demandan-respuesta-de-la-administracion-trump-en-la-mala-gestion-del-programa-estatus-especial-para-inmigrantes-juveniles-instan-un-nuevo-ca\/\">\n\t\t\t\t\t\t<span class=\"elementor-button-content-wrapper\">\n\t\t\t\t\t\t\t\t\t<span class=\"elementor-button-text\">Continuar<\/span>\n\t\t\t\t\t<\/span>\n\t\t\t\t\t<\/a>\n\t\t\t\t<\/div>\n\t\t\t\t\t\t<\/div>\n\t\t\t\t<\/div>\n\t\t\t\t<\/div>\n\t\t\t\t<\/div>\n\t\t\t\t<\/div>\n\t\t<\/div><div class=\"jet-listing-grid__item jet-listing-dynamic-post-47877 jet-equal-columns\" data-post-id=\"47877\" >\t\t<div data-elementor-type=\"jet-listing-items\" data-elementor-id=\"44852\" class=\"elementor elementor-44852 elementor-44845\" data-elementor-post-type=\"jet-engine\">\n\t\t\t\t<div class=\"elementor-element elementor-element-1df8a97c ArticleBlock  e-con-full e-flex e-con e-parent\" data-id=\"1df8a97c\" data-element_type=\"container\">\n\t\t\t\t<div class=\"elementor-element elementor-element-3c7967ef elementor-widget elementor-widget-jet-listing-dynamic-field\" data-id=\"3c7967ef\" data-element_type=\"widget\" data-widget_type=\"jet-listing-dynamic-field.default\">\n\t\t\t\t<div class=\"elementor-widget-container\">\n\t\t\t<div class=\"jet-listing jet-listing-dynamic-field display-inline\"><div class=\"jet-listing-dynamic-field__inline-wrap\"><span class=\"jet-listing-dynamic-field__content\">Monday April 7th, 2025<\/span><\/div><\/div>\t\t<\/div>\n\t\t\t\t<\/div>\n\t\t\t\t<div class=\"elementor-element elementor-element-178d9824 ArticleBlock__title elementor-widget elementor-widget-jet-listing-dynamic-link\" data-id=\"178d9824\" data-element_type=\"widget\" data-widget_type=\"jet-listing-dynamic-link.default\">\n\t\t\t\t<div class=\"elementor-widget-container\">\n\t\t\t<h2 class=\"jet-listing jet-listing-dynamic-link\"><a href=\"https:\/\/www.cortezmasto.senate.gov\/es\/ultimas-noticias\/comunicados-de-prensa\/cortez-masto-colegas-instan-a-la-administracion-trump-que-restablezca-la-designacion-tps-para-venezuela\/\" class=\"jet-listing-dynamic-link__link\"><span class=\"jet-listing-dynamic-link__label\">Cortez Masto, colegas instan a la administraci\u00f3n Trump que restablezca la designaci\u00f3n \u201cTPS\u201d para Venezuela<\/span><\/a><\/h2>\t\t<\/div>\n\t\t\t\t<\/div>\n\t\t\t\t<div class=\"elementor-element elementor-element-4ebab805 elementor-widget elementor-widget-jet-listing-dynamic-field\" data-id=\"4ebab805\" data-element_type=\"widget\" data-widget_type=\"jet-listing-dynamic-field.default\">\n\t\t\t\t<div class=\"elementor-widget-container\">\n\t\t\t<div class=\"jet-listing jet-listing-dynamic-field display-inline\"><div class=\"jet-listing-dynamic-field__inline-wrap\"><p class=\"jet-listing-dynamic-field__content\"><\/p><\/div><\/div>\t\t<\/div>\n\t\t\t\t<\/div>\n\t\t<div class=\"elementor-element elementor-element-3c2d5510 ButtonWrapper--secondary e-con-full e-flex e-con e-child\" data-id=\"3c2d5510\" data-element_type=\"container\">\n\t\t\t\t<div class=\"elementor-element elementor-element-373a8055 elementor-align-left elementor-widget elementor-widget-button\" data-id=\"373a8055\" data-element_type=\"widget\" data-widget_type=\"button.default\">\n\t\t\t\t<div class=\"elementor-widget-container\">\n\t\t\t\t\t\t\t<div class=\"elementor-button-wrapper\">\n\t\t\t\t\t<a class=\"elementor-button elementor-button-link elementor-size-sm\" href=\"https:\/\/www.cortezmasto.senate.gov\/es\/ultimas-noticias\/comunicados-de-prensa\/cortez-masto-colegas-instan-a-la-administracion-trump-que-restablezca-la-designacion-tps-para-venezuela\/\">\n\t\t\t\t\t\t<span class=\"elementor-button-content-wrapper\">\n\t\t\t\t\t\t\t\t\t<span class=\"elementor-button-text\">Continuar<\/span>\n\t\t\t\t\t<\/span>\n\t\t\t\t\t<\/a>\n\t\t\t\t<\/div>\n\t\t\t\t\t\t<\/div>\n\t\t\t\t<\/div>\n\t\t\t\t<\/div>\n\t\t\t\t<\/div>\n\t\t\t\t<\/div>\n\t\t<\/div><div class=\"jet-listing-grid__item jet-listing-dynamic-post-47807 jet-equal-columns\" data-post-id=\"47807\" >\t\t<div data-elementor-type=\"jet-listing-items\" data-elementor-id=\"44852\" class=\"elementor elementor-44852 elementor-44845\" data-elementor-post-type=\"jet-engine\">\n\t\t\t\t<div class=\"elementor-element elementor-element-1df8a97c ArticleBlock  e-con-full e-flex e-con e-parent\" data-id=\"1df8a97c\" data-element_type=\"container\">\n\t\t\t\t<div class=\"elementor-element elementor-element-3c7967ef elementor-widget elementor-widget-jet-listing-dynamic-field\" data-id=\"3c7967ef\" data-element_type=\"widget\" data-widget_type=\"jet-listing-dynamic-field.default\">\n\t\t\t\t<div class=\"elementor-widget-container\">\n\t\t\t<div class=\"jet-listing jet-listing-dynamic-field display-inline\"><div class=\"jet-listing-dynamic-field__inline-wrap\"><span class=\"jet-listing-dynamic-field__content\">Friday March 21st, 2025<\/span><\/div><\/div>\t\t<\/div>\n\t\t\t\t<\/div>\n\t\t\t\t<div class=\"elementor-element elementor-element-178d9824 ArticleBlock__title elementor-widget elementor-widget-jet-listing-dynamic-link\" data-id=\"178d9824\" data-element_type=\"widget\" data-widget_type=\"jet-listing-dynamic-link.default\">\n\t\t\t\t<div class=\"elementor-widget-container\">\n\t\t\t<h2 class=\"jet-listing jet-listing-dynamic-link\"><a href=\"https:\/\/www.cortezmasto.senate.gov\/es\/ultimas-noticias\/comunicados-de-prensa\/cortez-masto-colegas-exigen-que-el-presidente-trump-abandone-la-practica-cruel-de-la-detencion-de-familias-migrantes\/\" class=\"jet-listing-dynamic-link__link\"><span class=\"jet-listing-dynamic-link__label\">Cortez Masto, colegas exigen que el presidente Trump abandone la pr\u00e1ctica cruel de la detenci\u00f3n de familias migrantes<\/span><\/a><\/h2>\t\t<\/div>\n\t\t\t\t<\/div>\n\t\t\t\t<div class=\"elementor-element elementor-element-4ebab805 elementor-widget elementor-widget-jet-listing-dynamic-field\" data-id=\"4ebab805\" data-element_type=\"widget\" data-widget_type=\"jet-listing-dynamic-field.default\">\n\t\t\t\t<div class=\"elementor-widget-container\">\n\t\t\t<div class=\"jet-listing jet-listing-dynamic-field display-inline\"><div class=\"jet-listing-dynamic-field__inline-wrap\"><p class=\"jet-listing-dynamic-field__content\"><\/p><\/div><\/div>\t\t<\/div>\n\t\t\t\t<\/div>\n\t\t<div class=\"elementor-element elementor-element-3c2d5510 ButtonWrapper--secondary e-con-full e-flex e-con e-child\" data-id=\"3c2d5510\" data-element_type=\"container\">\n\t\t\t\t<div class=\"elementor-element elementor-element-373a8055 elementor-align-left elementor-widget elementor-widget-button\" data-id=\"373a8055\" data-element_type=\"widget\" data-widget_type=\"button.default\">\n\t\t\t\t<div class=\"elementor-widget-container\">\n\t\t\t\t\t\t\t<div class=\"elementor-button-wrapper\">\n\t\t\t\t\t<a class=\"elementor-button elementor-button-link elementor-size-sm\" href=\"https:\/\/www.cortezmasto.senate.gov\/es\/ultimas-noticias\/comunicados-de-prensa\/cortez-masto-colegas-exigen-que-el-presidente-trump-abandone-la-practica-cruel-de-la-detencion-de-familias-migrantes\/\">\n\t\t\t\t\t\t<span class=\"elementor-button-content-wrapper\">\n\t\t\t\t\t\t\t\t\t<span class=\"elementor-button-text\">Continuar<\/span>\n\t\t\t\t\t<\/span>\n\t\t\t\t\t<\/a>\n\t\t\t\t<\/div>\n\t\t\t\t\t\t<\/div>\n\t\t\t\t<\/div>\n\t\t\t\t<\/div>\n\t\t\t\t<\/div>\n\t\t\t\t<\/div>\n\t\t<\/div><div class=\"jet-listing-grid__item jet-listing-dynamic-post-47532 jet-equal-columns\" data-post-id=\"47532\" >\t\t<div data-elementor-type=\"jet-listing-items\" data-elementor-id=\"44852\" class=\"elementor elementor-44852 elementor-44845\" data-elementor-post-type=\"jet-engine\">\n\t\t\t\t<div class=\"elementor-element elementor-element-1df8a97c ArticleBlock  e-con-full e-flex e-con e-parent\" data-id=\"1df8a97c\" data-element_type=\"container\">\n\t\t\t\t<div class=\"elementor-element elementor-element-3c7967ef elementor-widget elementor-widget-jet-listing-dynamic-field\" data-id=\"3c7967ef\" data-element_type=\"widget\" data-widget_type=\"jet-listing-dynamic-field.default\">\n\t\t\t\t<div class=\"elementor-widget-container\">\n\t\t\t<div class=\"jet-listing jet-listing-dynamic-field display-inline\"><div class=\"jet-listing-dynamic-field__inline-wrap\"><span class=\"jet-listing-dynamic-field__content\">Thursday February 13th, 2025<\/span><\/div><\/div>\t\t<\/div>\n\t\t\t\t<\/div>\n\t\t\t\t<div class=\"elementor-element elementor-element-178d9824 ArticleBlock__title elementor-widget elementor-widget-jet-listing-dynamic-link\" data-id=\"178d9824\" data-element_type=\"widget\" data-widget_type=\"jet-listing-dynamic-link.default\">\n\t\t\t\t<div class=\"elementor-widget-container\">\n\t\t\t<h2 class=\"jet-listing jet-listing-dynamic-link\"><a href=\"https:\/\/www.cortezmasto.senate.gov\/es\/ultimas-noticias\/comunicados-de-prensa\/cortez-masto-se-une-con-54-miembros-del-congreso-en-legislacion-bicameral-para-proteger-los-inmigrantes-en-lugares-sensibles\/\" class=\"jet-listing-dynamic-link__link\"><span class=\"jet-listing-dynamic-link__label\">Cortez Masto se une con 54 miembros del Congreso en legislaci\u00f3n bicameral para proteger los inmigrantes en lugares sensibles<\/span><\/a><\/h2>\t\t<\/div>\n\t\t\t\t<\/div>\n\t\t\t\t<div class=\"elementor-element elementor-element-4ebab805 elementor-widget elementor-widget-jet-listing-dynamic-field\" data-id=\"4ebab805\" data-element_type=\"widget\" data-widget_type=\"jet-listing-dynamic-field.default\">\n\t\t\t\t<div class=\"elementor-widget-container\">\n\t\t\t<div class=\"jet-listing jet-listing-dynamic-field display-inline\"><div class=\"jet-listing-dynamic-field__inline-wrap\"><p class=\"jet-listing-dynamic-field__content\"><\/p><\/div><\/div>\t\t<\/div>\n\t\t\t\t<\/div>\n\t\t<div class=\"elementor-element elementor-element-3c2d5510 ButtonWrapper--secondary e-con-full e-flex e-con e-child\" data-id=\"3c2d5510\" data-element_type=\"container\">\n\t\t\t\t<div class=\"elementor-element elementor-element-373a8055 elementor-align-left elementor-widget elementor-widget-button\" data-id=\"373a8055\" data-element_type=\"widget\" data-widget_type=\"button.default\">\n\t\t\t\t<div class=\"elementor-widget-container\">\n\t\t\t\t\t\t\t<div class=\"elementor-button-wrapper\">\n\t\t\t\t\t<a class=\"elementor-button elementor-button-link elementor-size-sm\" href=\"https:\/\/www.cortezmasto.senate.gov\/es\/ultimas-noticias\/comunicados-de-prensa\/cortez-masto-se-une-con-54-miembros-del-congreso-en-legislacion-bicameral-para-proteger-los-inmigrantes-en-lugares-sensibles\/\">\n\t\t\t\t\t\t<span class=\"elementor-button-content-wrapper\">\n\t\t\t\t\t\t\t\t\t<span class=\"elementor-button-text\">Continuar<\/span>\n\t\t\t\t\t<\/span>\n\t\t\t\t\t<\/a>\n\t\t\t\t<\/div>\n\t\t\t\t\t\t<\/div>\n\t\t\t\t<\/div>\n\t\t\t\t<\/div>\n\t\t\t\t<\/div>\n\t\t\t\t<\/div>\n\t\t<\/div><div class=\"jet-listing-grid__item jet-listing-dynamic-post-47155 jet-equal-columns\" data-post-id=\"47155\" >\t\t<div data-elementor-type=\"jet-listing-items\" data-elementor-id=\"44852\" class=\"elementor elementor-44852 elementor-44845\" data-elementor-post-type=\"jet-engine\">\n\t\t\t\t<div class=\"elementor-element elementor-element-1df8a97c ArticleBlock  e-con-full e-flex e-con e-parent\" data-id=\"1df8a97c\" data-element_type=\"container\">\n\t\t\t\t<div class=\"elementor-element elementor-element-3c7967ef elementor-widget elementor-widget-jet-listing-dynamic-field\" data-id=\"3c7967ef\" data-element_type=\"widget\" data-widget_type=\"jet-listing-dynamic-field.default\">\n\t\t\t\t<div class=\"elementor-widget-container\">\n\t\t\t<div class=\"jet-listing jet-listing-dynamic-field display-inline\"><div class=\"jet-listing-dynamic-field__inline-wrap\"><span class=\"jet-listing-dynamic-field__content\">Wednesday December 4th, 2024<\/span><\/div><\/div>\t\t<\/div>\n\t\t\t\t<\/div>\n\t\t\t\t<div class=\"elementor-element elementor-element-178d9824 ArticleBlock__title elementor-widget elementor-widget-jet-listing-dynamic-link\" data-id=\"178d9824\" data-element_type=\"widget\" data-widget_type=\"jet-listing-dynamic-link.default\">\n\t\t\t\t<div class=\"elementor-widget-container\">\n\t\t\t<h2 class=\"jet-listing jet-listing-dynamic-link\"><a href=\"https:\/\/www.cortezmasto.senate.gov\/es\/ultimas-noticias\/comunicados-de-prensa\/cortez-masto-encabeza-al-caucus-hispano-en-el-senado-al-instar-a-la-administracion-de-biden-a-actuar-ahora-para-proteger-a-las-comunidades-de-inmigrantes\/\" class=\"jet-listing-dynamic-link__link\"><span class=\"jet-listing-dynamic-link__label\">Cortez Masto encabeza al caucus Hispano en el Senado al instar a la administraci\u00f3n de Biden a actuar ahora para proteger a las comunidades de inmigrantes<\/span><\/a><\/h2>\t\t<\/div>\n\t\t\t\t<\/div>\n\t\t\t\t<div class=\"elementor-element elementor-element-4ebab805 elementor-widget elementor-widget-jet-listing-dynamic-field\" data-id=\"4ebab805\" data-element_type=\"widget\" data-widget_type=\"jet-listing-dynamic-field.default\">\n\t\t\t\t<div class=\"elementor-widget-container\">\n\t\t\t<div class=\"jet-listing jet-listing-dynamic-field display-inline\"><div class=\"jet-listing-dynamic-field__inline-wrap\"><p class=\"jet-listing-dynamic-field__content\"><\/p><\/div><\/div>\t\t<\/div>\n\t\t\t\t<\/div>\n\t\t<div class=\"elementor-element elementor-element-3c2d5510 ButtonWrapper--secondary e-con-full e-flex e-con e-child\" data-id=\"3c2d5510\" data-element_type=\"container\">\n\t\t\t\t<div class=\"elementor-element elementor-element-373a8055 elementor-align-left elementor-widget elementor-widget-button\" data-id=\"373a8055\" data-element_type=\"widget\" data-widget_type=\"button.default\">\n\t\t\t\t<div class=\"elementor-widget-container\">\n\t\t\t\t\t\t\t<div class=\"elementor-button-wrapper\">\n\t\t\t\t\t<a class=\"elementor-button elementor-button-link elementor-size-sm\" href=\"https:\/\/www.cortezmasto.senate.gov\/es\/ultimas-noticias\/comunicados-de-prensa\/cortez-masto-encabeza-al-caucus-hispano-en-el-senado-al-instar-a-la-administracion-de-biden-a-actuar-ahora-para-proteger-a-las-comunidades-de-inmigrantes\/\">\n\t\t\t\t\t\t<span class=\"elementor-button-content-wrapper\">\n\t\t\t\t\t\t\t\t\t<span class=\"elementor-button-text\">Continuar<\/span>\n\t\t\t\t\t<\/span>\n\t\t\t\t\t<\/a>\n\t\t\t\t<\/div>\n\t\t\t\t\t\t<\/div>\n\t\t\t\t<\/div>\n\t\t\t\t<\/div>\n\t\t\t\t<\/div>\n\t\t\t\t<\/div>\n\t\t<\/div><div class=\"jet-listing-grid__item jet-listing-dynamic-post-47022 jet-equal-columns\" data-post-id=\"47022\" >\t\t<div data-elementor-type=\"jet-listing-items\" data-elementor-id=\"44852\" class=\"elementor elementor-44852 elementor-44845\" data-elementor-post-type=\"jet-engine\">\n\t\t\t\t<div class=\"elementor-element elementor-element-1df8a97c ArticleBlock  e-con-full e-flex e-con e-parent\" data-id=\"1df8a97c\" data-element_type=\"container\">\n\t\t\t\t<div class=\"elementor-element elementor-element-3c7967ef elementor-widget elementor-widget-jet-listing-dynamic-field\" data-id=\"3c7967ef\" data-element_type=\"widget\" data-widget_type=\"jet-listing-dynamic-field.default\">\n\t\t\t\t<div class=\"elementor-widget-container\">\n\t\t\t<div class=\"jet-listing jet-listing-dynamic-field display-inline\"><div class=\"jet-listing-dynamic-field__inline-wrap\"><span class=\"jet-listing-dynamic-field__content\">Friday October 18th, 2024<\/span><\/div><\/div>\t\t<\/div>\n\t\t\t\t<\/div>\n\t\t\t\t<div class=\"elementor-element elementor-element-178d9824 ArticleBlock__title elementor-widget elementor-widget-jet-listing-dynamic-link\" data-id=\"178d9824\" data-element_type=\"widget\" data-widget_type=\"jet-listing-dynamic-link.default\">\n\t\t\t\t<div class=\"elementor-widget-container\">\n\t\t\t<h2 class=\"jet-listing jet-listing-dynamic-link\"><a href=\"https:\/\/www.cortezmasto.senate.gov\/es\/ultimas-noticias\/comunicados-de-prensa\/cortez-masto-y-sus-colegas-instan-a-la-administracion-de-biden-que-designe-el-tps-para-los-guatemaltecos-que-viven-en-los-ee-uu\/\" class=\"jet-listing-dynamic-link__link\"><span class=\"jet-listing-dynamic-link__label\">Cortez Masto y sus colegas instan a la administraci\u00f3n de Biden que designe el TPS para los guatemaltecos que viven en los EE.UU.<\/span><\/a><\/h2>\t\t<\/div>\n\t\t\t\t<\/div>\n\t\t\t\t<div class=\"elementor-element elementor-element-4ebab805 elementor-widget elementor-widget-jet-listing-dynamic-field\" data-id=\"4ebab805\" data-element_type=\"widget\" data-widget_type=\"jet-listing-dynamic-field.default\">\n\t\t\t\t<div class=\"elementor-widget-container\">\n\t\t\t<div class=\"jet-listing jet-listing-dynamic-field display-inline\"><div class=\"jet-listing-dynamic-field__inline-wrap\"><p class=\"jet-listing-dynamic-field__content\"><\/p><\/div><\/div>\t\t<\/div>\n\t\t\t\t<\/div>\n\t\t<div class=\"elementor-element elementor-element-3c2d5510 ButtonWrapper--secondary e-con-full e-flex e-con e-child\" data-id=\"3c2d5510\" data-element_type=\"container\">\n\t\t\t\t<div class=\"elementor-element elementor-element-373a8055 elementor-align-left elementor-widget elementor-widget-button\" data-id=\"373a8055\" data-element_type=\"widget\" data-widget_type=\"button.default\">\n\t\t\t\t<div class=\"elementor-widget-container\">\n\t\t\t\t\t\t\t<div class=\"elementor-button-wrapper\">\n\t\t\t\t\t<a class=\"elementor-button elementor-button-link elementor-size-sm\" href=\"https:\/\/www.cortezmasto.senate.gov\/es\/ultimas-noticias\/comunicados-de-prensa\/cortez-masto-y-sus-colegas-instan-a-la-administracion-de-biden-que-designe-el-tps-para-los-guatemaltecos-que-viven-en-los-ee-uu\/\">\n\t\t\t\t\t\t<span class=\"elementor-button-content-wrapper\">\n\t\t\t\t\t\t\t\t\t<span class=\"elementor-button-text\">Continuar<\/span>\n\t\t\t\t\t<\/span>\n\t\t\t\t\t<\/a>\n\t\t\t\t<\/div>\n\t\t\t\t\t\t<\/div>\n\t\t\t\t<\/div>\n\t\t\t\t<\/div>\n\t\t\t\t<\/div>\n\t\t\t\t<\/div>\n\t\t<\/div><\/div><\/div>\t\t<\/div>\n\t\t\t\t<\/div>\n\t\t\t\t<div class=\"elementor-element elementor-element-b24769d Pagination  elementor-widget elementor-widget-jet-smart-filters-pagination\" data-id=\"b24769d\" data-element_type=\"widget\" data-widget_type=\"jet-smart-filters-pagination.default\">\n\t\t\t\t<div class=\"elementor-widget-container\">\n\t\t\t<div\n\t\t\t\tclass=\"jet-smart-filters-pagination jet-filter\"\n\t\t\t\tdata-apply-provider=\"jet-engine\"\n\t\t\t\tdata-content-provider=\"jet-engine\"\n\t\t\t\tdata-query-id=\"es-press-list\"\n\t\t\t\tdata-controls=\"{&quot;items_enabled&quot;:true,&quot;pages_mid_size&quot;:2,&quot;pages_end_size&quot;:1,&quot;nav_enabled&quot;:true,&quot;prev&quot;:&quot;&lt;&lt;&quot;,&quot;next&quot;:&quot;&gt;&gt;&quot;,&quot;hide_inactive_nav&quot;:true,&quot;load_more_enabled&quot;:false}\"\n\t\t\t\tdata-apply-type=\"mixed\"\n\t\t\t><\/div>\t\t<\/div>\n\t\t\t\t<\/div>\n\t\t\t\t\t<\/div>\n\t\t\t\t<\/div>\n\t\t\t\t\t<\/div>\n\t\t\t\t<\/section>\n\t\t\t\t<\/div>\n\t\t","protected":false},"excerpt":{"rendered":"<p>Filtrar Press Search Quitar filtros No data was found<\/p>\n","protected":false},"author":13,"featured_media":0,"parent":43617,"menu_order":0,"comment_status":"closed","ping_status":"closed","template":"","meta":{"_acf_changed":false,"inline_featured_image":false,"footnotes":""},"class_list":["post-43139","page","type-page","status-publish","hentry"],"acf":{"image":"","show_image":false,"blurb":"","blurb_overline":"","hide_default_heading":false},"yoast_head":"<!-- This site is optimized with the Yoast SEO plugin v24.0 - https:\/\/yoast.com\/wordpress\/plugins\/seo\/ -->\n<title>Comunicados de Prensa - Senator Catherine Cortez Masto<\/title>\n<meta name=\"robots\" content=\"index, follow, max-snippet:-1, max-image-preview:large, max-video-preview:-1\" \/>\n<link rel=\"canonical\" href=\"https:\/\/www.cortezmasto.senate.gov\/news\/press-releases\/\" \/>\n<meta property=\"og:locale\" content=\"es_ES\" \/>\n<meta property=\"og:type\" content=\"article\" \/>\n<meta property=\"og:title\" content=\"Comunicados de Prensa - Senator Catherine Cortez Masto\" \/>\n<meta property=\"og:description\" content=\"Filtrar Press Search Quitar filtros No data was found\" \/>\n<meta property=\"og:url\" content=\"https:\/\/www.cortezmasto.senate.gov\/news\/press-releases\/\" \/>\n<meta property=\"og:site_name\" content=\"Senator Catherine Cortez Masto\" \/>\n<meta property=\"article:modified_time\" content=\"2023-10-25T20:45:27+00:00\" \/>\n<meta name=\"twitter:card\" content=\"summary_large_image\" \/>\n<meta name=\"twitter:label1\" content=\"Est. reading time\" \/>\n\t<meta name=\"twitter:data1\" content=\"3 minutes\" \/>\n<script type=\"application\/ld+json\" class=\"yoast-schema-graph\">{\"@context\":\"https:\/\/schema.org\",\"@graph\":[{\"@type\":\"WebPage\",\"@id\":\"https:\/\/www.cortezmasto.senate.gov\/news\/press-releases\/\",\"url\":\"https:\/\/www.cortezmasto.senate.gov\/news\/press-releases\/\",\"name\":\"Comunicados de Prensa - Senator Catherine Cortez Masto\",\"isPartOf\":{\"@id\":\"https:\/\/www.cortezmasto.senate.gov\/#website\"},\"datePublished\":\"2023-07-28T18:57:00+00:00\",\"dateModified\":\"2023-10-25T20:45:27+00:00\",\"breadcrumb\":{\"@id\":\"https:\/\/www.cortezmasto.senate.gov\/news\/press-releases\/#breadcrumb\"},\"inLanguage\":\"es-ES\",\"potentialAction\":[{\"@type\":\"ReadAction\",\"target\":[\"https:\/\/www.cortezmasto.senate.gov\/news\/press-releases\/\"]}]},{\"@type\":\"BreadcrumbList\",\"@id\":\"https:\/\/www.cortezmasto.senate.gov\/news\/press-releases\/#breadcrumb\",\"itemListElement\":[{\"@type\":\"ListItem\",\"position\":1,\"name\":\"Home\",\"item\":\"https:\/\/www.cortezmasto.senate.gov\/\"},{\"@type\":\"ListItem\",\"position\":2,\"name\":\"\u00daltimas Noticias\",\"item\":\"https:\/\/www.cortezmasto.senate.gov\/news\/\"},{\"@type\":\"ListItem\",\"position\":3,\"name\":\"Comunicados de Prensa\"}]},{\"@type\":\"WebSite\",\"@id\":\"https:\/\/www.cortezmasto.senate.gov\/#website\",\"url\":\"https:\/\/www.cortezmasto.senate.gov\/\",\"name\":\"Senator Catherine Cortez Masto\",\"description\":\"U.S. Senator Catherine Cortez Masto of Nevada\",\"publisher\":{\"@id\":\"https:\/\/www.cortezmasto.senate.gov\/#organization\"},\"potentialAction\":[{\"@type\":\"SearchAction\",\"target\":{\"@type\":\"EntryPoint\",\"urlTemplate\":\"https:\/\/www.cortezmasto.senate.gov\/?s={search_term_string}\"},\"query-input\":{\"@type\":\"PropertyValueSpecification\",\"valueRequired\":true,\"valueName\":\"search_term_string\"}}],\"inLanguage\":\"es-ES\"},{\"@type\":\"Organization\",\"@id\":\"https:\/\/www.cortezmasto.senate.gov\/#organization\",\"name\":\"Senator Catherine Cortez Masto\",\"url\":\"https:\/\/www.cortezmasto.senate.gov\/\",\"logo\":{\"@type\":\"ImageObject\",\"inLanguage\":\"es-ES\",\"@id\":\"https:\/\/www.cortezmasto.senate.gov\/#\/schema\/logo\/image\/\",\"url\":\"https:\/\/www.cortezmasto.senate.gov\/wp-content\/uploads\/2023\/02\/CCM_Logo_Primary.svg\",\"contentUrl\":\"https:\/\/www.cortezmasto.senate.gov\/wp-content\/uploads\/2023\/02\/CCM_Logo_Primary.svg\",\"width\":1200,\"height\":626,\"caption\":\"Senator Catherine Cortez Masto\"},\"image\":{\"@id\":\"https:\/\/www.cortezmasto.senate.gov\/#\/schema\/logo\/image\/\"}}]}<\/script>\n<!-- \/ Yoast SEO plugin. -->","yoast_head_json":{"title":"Comunicados de Prensa - Senator Catherine Cortez Masto","robots":{"index":"index","follow":"follow","max-snippet":"max-snippet:-1","max-image-preview":"max-image-preview:large","max-video-preview":"max-video-preview:-1"},"canonical":"https:\/\/www.cortezmasto.senate.gov\/news\/press-releases\/","og_locale":"es_ES","og_type":"article","og_title":"Comunicados de Prensa - Senator Catherine Cortez Masto","og_description":"Filtrar Press Search Quitar filtros No data was found","og_url":"https:\/\/www.cortezmasto.senate.gov\/news\/press-releases\/","og_site_name":"Senator Catherine Cortez Masto","article_modified_time":"2023-10-25T20:45:27+00:00","twitter_card":"summary_large_image","twitter_misc":{"Est. reading time":"3 minutes"},"schema":{"@context":"https:\/\/schema.org","@graph":[{"@type":"WebPage","@id":"https:\/\/www.cortezmasto.senate.gov\/news\/press-releases\/","url":"https:\/\/www.cortezmasto.senate.gov\/news\/press-releases\/","name":"Comunicados de Prensa - Senator Catherine Cortez Masto","isPartOf":{"@id":"https:\/\/www.cortezmasto.senate.gov\/#website"},"datePublished":"2023-07-28T18:57:00+00:00","dateModified":"2023-10-25T20:45:27+00:00","breadcrumb":{"@id":"https:\/\/www.cortezmasto.senate.gov\/news\/press-releases\/#breadcrumb"},"inLanguage":"es-ES","potentialAction":[{"@type":"ReadAction","target":["https:\/\/www.cortezmasto.senate.gov\/news\/press-releases\/"]}]},{"@type":"BreadcrumbList","@id":"https:\/\/www.cortezmasto.senate.gov\/news\/press-releases\/#breadcrumb","itemListElement":[{"@type":"ListItem","position":1,"name":"Home","item":"https:\/\/www.cortezmasto.senate.gov\/"},{"@type":"ListItem","position":2,"name":"\u00daltimas Noticias","item":"https:\/\/www.cortezmasto.senate.gov\/news\/"},{"@type":"ListItem","position":3,"name":"Comunicados de Prensa"}]},{"@type":"WebSite","@id":"https:\/\/www.cortezmasto.senate.gov\/#website","url":"https:\/\/www.cortezmasto.senate.gov\/","name":"Senator Catherine Cortez Masto","description":"U.S. Senator Catherine Cortez Masto of Nevada","publisher":{"@id":"https:\/\/www.cortezmasto.senate.gov\/#organization"},"potentialAction":[{"@type":"SearchAction","target":{"@type":"EntryPoint","urlTemplate":"https:\/\/www.cortezmasto.senate.gov\/?s={search_term_string}"},"query-input":{"@type":"PropertyValueSpecification","valueRequired":true,"valueName":"search_term_string"}}],"inLanguage":"es-ES"},{"@type":"Organization","@id":"https:\/\/www.cortezmasto.senate.gov\/#organization","name":"Senator Catherine Cortez Masto","url":"https:\/\/www.cortezmasto.senate.gov\/","logo":{"@type":"ImageObject","inLanguage":"es-ES","@id":"https:\/\/www.cortezmasto.senate.gov\/#\/schema\/logo\/image\/","url":"https:\/\/www.cortezmasto.senate.gov\/wp-content\/uploads\/2023\/02\/CCM_Logo_Primary.svg","contentUrl":"https:\/\/www.cortezmasto.senate.gov\/wp-content\/uploads\/2023\/02\/CCM_Logo_Primary.svg","width":1200,"height":626,"caption":"Senator Catherine Cortez Masto"},"image":{"@id":"https:\/\/www.cortezmasto.senate.gov\/#\/schema\/logo\/image\/"}}]}},"_links":{"self":[{"href":"https:\/\/www.cortezmasto.senate.gov\/es\/wp-json\/wp\/v2\/pages\/43139"}],"collection":[{"href":"https:\/\/www.cortezmasto.senate.gov\/es\/wp-json\/wp\/v2\/pages"}],"about":[{"href":"https:\/\/www.cortezmasto.senate.gov\/es\/wp-json\/wp\/v2\/types\/page"}],"author":[{"embeddable":true,"href":"https:\/\/www.cortezmasto.senate.gov\/es\/wp-json\/wp\/v2\/users\/13"}],"replies":[{"embeddable":true,"href":"https:\/\/www.cortezmasto.senate.gov\/es\/wp-json\/wp\/v2\/comments?post=43139"}],"version-history":[{"count":100,"href":"https:\/\/www.cortezmasto.senate.gov\/es\/wp-json\/wp\/v2\/pages\/43139\/revisions"}],"predecessor-version":[{"id":44952,"href":"https:\/\/www.cortezmasto.senate.gov\/es\/wp-json\/wp\/v2\/pages\/43139\/revisions\/44952"}],"up":[{"embeddable":true,"href":"https:\/\/www.cortezmasto.senate.gov\/es\/wp-json\/wp\/v2\/pages\/43617"}],"wp:attachment":[{"href":"https:\/\/www.cortezmasto.senate.gov\/es\/wp-json\/wp\/v2\/media?parent=43139"}],"curies":[{"name":"wp","href":"https:\/\/api.w.org\/{rel}","templated":true}]}}